{"id":2,"date":"2024-04-26T19:38:04","date_gmt":"2024-04-26T19:38:04","guid":{"rendered":"https:\/\/gestalt.apartments-pruga.com\/?page_id=2"},"modified":"2025-03-12T13:57:57","modified_gmt":"2025-03-12T13:57:57","slug":"andrijana-svajcer-gestalt-psihoterapija","status":"publish","type":"page","link":"https:\/\/gestalt.apartments-pruga.com\/","title":{"rendered":"Andrijana \u0160vajcer ge\u0161talt psihoterapija"},"content":{"rendered":"\n<div class=\"wp-block-columns is-layout-flex wp-container-core-columns-is-layout-bcb7abea wp-block-columns-is-layout-flex\" style=\"padding-top:var(--wp--preset--spacing--60);padding-right:0;padding-bottom:0;padding-left:0\">\n<div class=\"wp-block-column is-layout-flow wp-block-column-is-layout-flow\" style=\"padding-top:0;padding-right:0;padding-bottom:0;padding-left:0\">\n<figure class=\"wp-block-image aligncenter size-full is-style-rounded\"><img loading=\"lazy\" decoding=\"async\" width=\"300\" height=\"300\" src=\"https:\/\/gestalt.apartments-pruga.com\/wp-content\/uploads\/2024\/04\/andrijana-svajcer-e1741606591281.jpeg\" alt=\"\" class=\"wp-image-14\" srcset=\"https:\/\/gestalt.apartments-pruga.com\/wp-content\/uploads\/2024\/04\/andrijana-svajcer-e1741606591281.jpeg 300w, https:\/\/gestalt.apartments-pruga.com\/wp-content\/uploads\/2024\/04\/andrijana-svajcer-e1741606591281-150x150.jpeg 150w\" sizes=\"auto, (max-width: 300px) 100vw, 300px\" \/><\/figure>\n<\/div>\n<\/div>\n\n\n\n<div class=\"wp-block-columns is-layout-flex wp-container-core-columns-is-layout-90e1f995 wp-block-columns-is-layout-flex\" style=\"padding-top:var(--wp--preset--spacing--20);padding-right:0;padding-bottom:0;padding-left:0\">\n<div class=\"wp-block-column is-layout-flow wp-container-core-column-is-layout-3de1257a wp-block-column-is-layout-flow\" style=\"padding-top:var(--wp--preset--spacing--50);padding-right:0;padding-left:0;flex-basis:100%\">\n<p>Edukantica sam \u010detvrte godine <a href=\"#gestalt\">ge\u0161talt psihoterapije<\/a> pod supervizijom na institutu <a href=\"https:\/\/www.psihikaeapti.com\/\">Psihika<\/a>. Zavr\u0161ila sam i program propedeutike psihoterapije na veleu\u010dili\u0161tu <a href=\"https:\/\/www.bernays.hr\/akademijas\/propedeutika-psihoterapije\">Bernays<\/a>. <\/p>\n\n\n\n<p>Volontiram kao psihoterapeut edukant u <a href=\"https:\/\/www.centarbea.hr\/\">Centru za poreme\u0107aje hranjenja BEA<\/a>, u <a href=\"https:\/\/www.caspera-split.com\/\">Udruzi \u017eena oboljelih i lije\u010denih od karcinoma Caspera<\/a>, u <a href=\"https:\/\/solidarna.hr\/\">Zadruzi Solidarna<\/a> te u <a href=\"https:\/\/www.erf.unizg.hr\/o_fakultetu\/ustroj_i_upravljanje\/carpo\">Centru za podr\u0161ku studentima i razvoj karijera (CARPO)<\/a> zagreba\u010dkog Edukacijsko-rehabilitacijskog fakulteta.<\/p>\n\n\n\n<p>Usmjerena sam onome \u0161to me oduvijek najvi\u0161e zanimalo: ljudi i njihova subjektivna iskustva te do\u017eivljaji i na\u010dini na koje stvaramo smisao na\u0161ih \u017eivota i svijeta oko nas.<\/p>\n\n\n\n<p>Do edukacije za psihoterapeuta do\u0161la sam neuobi\u010dajenim putem. Od (elektro)tehni\u010dkog obrazovanja i 15 godina vo\u0111enja timova i projekata u IT industriji u UK, preko 10 godina ugo\u0161\u0107avanja gostiju na <a href=\"https:\/\/apartments-pruga.com\/\">romanti\u010dnom imanju u Istri<\/a>.<\/p>\n\n\n\n<p>\u017divim i radim na relaciji Zagreb &#8211; Istra s mu\u017eem, psom i macom. U\u017eivam u kombinaciji \u017eivota u gradu i na selu koji pokrivaju moju potrebu za kulturom i dru\u017eenjem s jedne te prirodom i mirom s druge strane.<\/p>\n\n\n\n<p>Vjerujem da moje bogato \u017eivotno iskustvo i razli\u010diti interesi puno zna\u010de u mom radu s klijentima. Nemam unaprijed i napamet nau\u010den odgovor &#8211; tu sam da saslu\u0161am, shvatim i podr\u017eim. Moji klijenti i ja, u terapeutskom susretu, zajedno kreiramo promjenu koja je uvijek mogu\u0107a.<\/p>\n<\/div>\n<\/div>\n\n\n\n<div class=\"wp-block-columns is-layout-flex wp-container-core-columns-is-layout-e0e4babd wp-block-columns-is-layout-flex\" id=\"gestalt\" style=\"padding-right:0;padding-left:0\">\n<div class=\"wp-block-column is-layout-flow wp-block-column-is-layout-flow\" style=\"flex-basis:100%\">\n<div class=\"wp-block-uagb-advanced-heading uagb-block-2c849016\"><h2 class=\"uagb-heading-text\">\u0160to je ge\u0161talt psihoterapija?<\/h2><\/div>\n\n\n\n<p>To je humanisti\u010dki i egzistencijalisti\u010dki terapijski pravac. Klju\u010dni principi uklju\u010duju svjesnost, gdje klijent u\u010di prepoznati svoje misli, emocije i tjelesne senzacije, fokus na sada\u0161nji trenutak, kao i preuzimanje osobne odgovornosti za svoje postupke. Osobi pristupamo holisti\u010dki, promatraju\u0107i tijelo, um i emocije kao cjelinu.<\/p>\n\n\n\n<p>Cilj ge\u0161talt psihoterapije je pomo\u0107i klijentu da, kroz upoznavanje sebe, postane autenti\u010dniji, slobodniji i svjesniji svojih unutarnjih blokada i potreba. <a href=\"https:\/\/gestalt-drustvo.hr\/o-gestalt-psihoterapiji\/kratak-uvod-u-gestalt-terapiju\/\">Pro\u010ditajte vi\u0161e<\/a>.<\/p>\n<\/div>\n<\/div>\n\n\n\n<div class=\"wp-block-columns alignfull has-text-color has-background has-link-color wp-elements-09611f750baddb74536d28d84407b6b9 is-layout-flex wp-container-core-columns-is-layout-8a2c5a97 wp-block-columns-is-layout-flex\" style=\"color:#ece9e1;background-color:#10758e;margin-top:var(--wp--preset--spacing--70);padding-top:var(--wp--preset--spacing--60);padding-bottom:var(--wp--preset--spacing--60)\">\n<div class=\"wp-block-column is-layout-flow wp-block-column-is-layout-flow\" style=\"flex-basis:20%\"><\/div>\n\n\n\n<div class=\"wp-block-column is-layout-flow wp-block-column-is-layout-flow\" style=\"flex-basis:60%\">\n<div class=\"wp-block-uagb-advanced-heading uagb-block-17a7d17b\"><h2 class=\"uagb-heading-text\">Javite se!<\/h2><\/div>\n\n\n\n<p class=\"has-text-align-center\">Do zavr\u0161etka \u0161kolovanja radim isklju\u010divo kao volonter navedenih organizacija i ovim putem \u0107u za sad rado odgovoriti na va\u0161a pitanja o psihoterapiji op\u0107enito ili preporu\u010diti kolege\/ice koji su ve\u0107 <a href=\"https:\/\/www.hkpt.hr\/\">ovla\u0161teni psihoterapeuti<\/a>.<\/p>\n\n\n\n<p class=\"has-text-align-center has-medium-font-size\">andrijana.svajcer@gmail.com<\/p>\n\n\n\n<div class=\"wp-block-contact-form-7-contact-form-selector\">\n<div class=\"wpcf7 no-js\" id=\"wpcf7-f5-o1\" lang=\"en-US\" dir=\"ltr\" data-wpcf7-id=\"5\">\n<div class=\"screen-reader-response\"><p role=\"status\" aria-live=\"polite\" aria-atomic=\"true\"><\/p> <ul><\/ul><\/div>\n<form action=\"\/index.php\/wp-json\/wp\/v2\/pages\/2#wpcf7-f5-o1\" method=\"post\" class=\"wpcf7-form init\" aria-label=\"Contact form\" novalidate=\"novalidate\" data-status=\"init\">\n<div style=\"display: none;\">\n<input type=\"hidden\" name=\"_wpcf7\" value=\"5\" \/>\n<input type=\"hidden\" name=\"_wpcf7_version\" value=\"6.0.4\" \/>\n<input type=\"hidden\" name=\"_wpcf7_locale\" value=\"en_US\" \/>\n<input type=\"hidden\" name=\"_wpcf7_unit_tag\" value=\"wpcf7-f5-o1\" \/>\n<input type=\"hidden\" name=\"_wpcf7_container_post\" value=\"0\" \/>\n<input type=\"hidden\" name=\"_wpcf7_posted_data_hash\" value=\"\" \/>\n<\/div>\n<p><label> Ime<br \/>\n<span class=\"wpcf7-form-control-wrap\" data-name=\"your-name\"><input size=\"40\" maxlength=\"400\" class=\"wpcf7-form-control wpcf7-text wpcf7-validates-as-required\" autocomplete=\"name\" aria-required=\"true\" aria-invalid=\"false\" value=\"\" type=\"text\" name=\"your-name\" \/><\/span> <\/label>\n<\/p>\n<p><label> Email<br \/>\n<span class=\"wpcf7-form-control-wrap\" data-name=\"your-email\"><input size=\"40\" maxlength=\"400\" class=\"wpcf7-form-control wpcf7-email wpcf7-validates-as-required wpcf7-text wpcf7-validates-as-email\" autocomplete=\"email\" aria-required=\"true\" aria-invalid=\"false\" value=\"\" type=\"email\" name=\"your-email\" \/><\/span> <\/label>\n<\/p>\n<p><label> Poruka<br \/>\n<span class=\"wpcf7-form-control-wrap\" data-name=\"your-message\"><textarea cols=\"40\" rows=\"10\" maxlength=\"2000\" class=\"wpcf7-form-control wpcf7-textarea wpcf7-validates-as-required\" aria-required=\"true\" aria-invalid=\"false\" name=\"your-message\"><\/textarea><\/span> <\/label>\n<\/p>\n<p><input class=\"wpcf7-form-control wpcf7-submit has-spinner\" type=\"submit\" value=\"Po\u0161aljite\" \/>\n<\/p><div class=\"wpcf7-response-output\" aria-hidden=\"true\"><\/div>\n<\/form>\n<\/div>\n<\/div>\n<\/div>\n\n\n\n<div class=\"wp-block-column is-layout-flow wp-block-column-is-layout-flow\" style=\"flex-basis:20%\"><\/div>\n<\/div>\n\n\n\n<p><\/p>\n","protected":false},"excerpt":{"rendered":"<p>Edukantica sam \u010detvrte godine ge\u0161talt psihoterapije pod supervizijom na institutu Psihika. Zavr\u0161ila sam i program propedeutike psihoterapije na veleu\u010dili\u0161tu Bernays. [&hellip;]<\/p>\n","protected":false},"author":1,"featured_media":0,"parent":0,"menu_order":0,"comment_status":"closed","ping_status":"closed","template":"","meta":{"_uag_custom_page_level_css":"","site-sidebar-layout":"default","site-content-layout":"","ast-site-content-layout":"","site-content-style":"default","site-sidebar-style":"default","ast-global-header-display":"","ast-banner-title-visibility":"","ast-main-header-display":"","ast-hfb-above-header-display":"","ast-hfb-below-header-display":"","ast-hfb-mobile-header-display":"","site-post-title":"disabled","ast-breadcrumbs-content":"","ast-featured-img":"","footer-sml-layout":"","theme-transparent-header-meta":"","adv-header-id-meta":"","stick-header-meta":"","header-above-stick-meta":"","header-main-stick-meta":"","header-below-stick-meta":"","astra-migrate-meta-layouts":"default","ast-page-background-enabled":"default","ast-page-background-meta":{"desktop":{"background-color":"var(--ast-global-color-5)","background-image":"","background-repeat":"repeat","background-position":"center center","background-size":"auto","background-attachment":"scroll","background-type":"","background-media":"","overlay-type":"","overlay-color":"","overlay-opacity":"","overlay-gradient":""},"tablet":{"background-color":"","background-image":"","background-repeat":"repeat","background-position":"center center","background-size":"auto","background-attachment":"scroll","background-type":"","background-media":"","overlay-type":"","overlay-color":"","overlay-opacity":"","overlay-gradient":""},"mobile":{"background-color":"","background-image":"","background-repeat":"repeat","background-position":"center center","background-size":"auto","background-attachment":"scroll","background-type":"","background-media":"","overlay-type":"","overlay-color":"","overlay-opacity":"","overlay-gradient":""}},"ast-content-background-meta":{"desktop":{"background-color":"var(--ast-global-color-4)","background-image":"","background-repeat":"repeat","background-position":"center center","background-size":"auto","background-attachment":"scroll","background-type":"","background-media":"","overlay-type":"","overlay-color":"","overlay-opacity":"","overlay-gradient":""},"tablet":{"background-color":"var(--ast-global-color-4)","background-image":"","background-repeat":"repeat","background-position":"center center","background-size":"auto","background-attachment":"scroll","background-type":"","background-media":"","overlay-type":"","overlay-color":"","overlay-opacity":"","overlay-gradient":""},"mobile":{"background-color":"var(--ast-global-color-4)","background-image":"","background-repeat":"repeat","background-position":"center center","background-size":"auto","background-attachment":"scroll","background-type":"","background-media":"","overlay-type":"","overlay-color":"","overlay-opacity":"","overlay-gradient":""}},"footnotes":""},"class_list":["post-2","page","type-page","status-publish","hentry"],"yoast_head":"<!-- This site is optimized with the Yoast SEO plugin v24.6 - https:\/\/yoast.com\/wordpress\/plugins\/seo\/ -->\n<title>Andrijana \u0160vajcer ge\u0161talt psihoterapija - Andrijana \u0160vajcer<\/title>\n<meta name=\"robots\" content=\"noindex, follow, max-snippet:-1, max-image-preview:large, max-video-preview:-1\" \/>\n<meta property=\"og:locale\" content=\"en_US\" \/>\n<meta property=\"og:type\" content=\"article\" \/>\n<meta property=\"og:title\" content=\"Andrijana \u0160vajcer ge\u0161talt psihoterapija - Andrijana \u0160vajcer\" \/>\n<meta property=\"og:description\" content=\"Edukantica sam \u010detvrte godine ge\u0161talt psihoterapije pod supervizijom na institutu Psihika. Zavr\u0161ila sam i program propedeutike psihoterapije na veleu\u010dili\u0161tu Bernays. [&hellip;]\" \/>\n<meta property=\"og:url\" content=\"https:\/\/gestalt.apartments-pruga.com\/\" \/>\n<meta property=\"og:site_name\" content=\"Andrijana \u0160vajcer\" \/>\n<meta property=\"article:modified_time\" content=\"2025-03-12T13:57:57+00:00\" \/>\n<meta property=\"og:image\" content=\"https:\/\/gestalt.apartments-pruga.com\/wp-content\/uploads\/2024\/04\/andrijana-svajcer-e1741606591281.jpeg\" \/>\n\t<meta property=\"og:image:width\" content=\"300\" \/>\n\t<meta property=\"og:image:height\" content=\"300\" \/>\n\t<meta property=\"og:image:type\" content=\"image\/jpeg\" \/>\n<meta name=\"twitter:card\" content=\"summary_large_image\" \/>\n<meta name=\"twitter:label1\" content=\"Est. reading time\" \/>\n\t<meta name=\"twitter:data1\" content=\"2 minutes\" \/>\n<script type=\"application\/ld+json\" class=\"yoast-schema-graph\">{\"@context\":\"https:\/\/schema.org\",\"@graph\":[{\"@type\":\"WebPage\",\"@id\":\"https:\/\/gestalt.apartments-pruga.com\/\",\"url\":\"https:\/\/gestalt.apartments-pruga.com\/\",\"name\":\"Andrijana \u0160vajcer ge\u0161talt psihoterapija - Andrijana \u0160vajcer\",\"isPartOf\":{\"@id\":\"https:\/\/gestalt.apartments-pruga.com\/#website\"},\"primaryImageOfPage\":{\"@id\":\"https:\/\/gestalt.apartments-pruga.com\/#primaryimage\"},\"image\":{\"@id\":\"https:\/\/gestalt.apartments-pruga.com\/#primaryimage\"},\"thumbnailUrl\":\"https:\/\/gestalt.apartments-pruga.com\/wp-content\/uploads\/2024\/04\/andrijana-svajcer-e1741606591281.jpeg\",\"datePublished\":\"2024-04-26T19:38:04+00:00\",\"dateModified\":\"2025-03-12T13:57:57+00:00\",\"breadcrumb\":{\"@id\":\"https:\/\/gestalt.apartments-pruga.com\/#breadcrumb\"},\"inLanguage\":\"en-US\",\"potentialAction\":[{\"@type\":\"ReadAction\",\"target\":[\"https:\/\/gestalt.apartments-pruga.com\/\"]}]},{\"@type\":\"ImageObject\",\"inLanguage\":\"en-US\",\"@id\":\"https:\/\/gestalt.apartments-pruga.com\/#primaryimage\",\"url\":\"https:\/\/gestalt.apartments-pruga.com\/wp-content\/uploads\/2024\/04\/andrijana-svajcer-e1741606591281.jpeg\",\"contentUrl\":\"https:\/\/gestalt.apartments-pruga.com\/wp-content\/uploads\/2024\/04\/andrijana-svajcer-e1741606591281.jpeg\",\"width\":300,\"height\":300},{\"@type\":\"BreadcrumbList\",\"@id\":\"https:\/\/gestalt.apartments-pruga.com\/#breadcrumb\",\"itemListElement\":[{\"@type\":\"ListItem\",\"position\":1,\"name\":\"Home\",\"item\":\"https:\/\/gestalt.apartments-pruga.com\/\"},{\"@type\":\"ListItem\",\"position\":2,\"name\":\"Andrijana \u0160vajcer ge\u0161talt psihoterapija\"}]},{\"@type\":\"WebSite\",\"@id\":\"https:\/\/gestalt.apartments-pruga.com\/#website\",\"url\":\"https:\/\/gestalt.apartments-pruga.com\/\",\"name\":\"Andrijana \u0160vajcer ge\u0161talt psihoterapija\",\"description\":\"Ge\u0161talt psihoterapija\",\"potentialAction\":[{\"@type\":\"SearchAction\",\"target\":{\"@type\":\"EntryPoint\",\"urlTemplate\":\"https:\/\/gestalt.apartments-pruga.com\/?s={search_term_string}\"},\"query-input\":{\"@type\":\"PropertyValueSpecification\",\"valueRequired\":true,\"valueName\":\"search_term_string\"}}],\"inLanguage\":\"en-US\"}]}<\/script>\n<!-- \/ Yoast SEO plugin. -->","yoast_head_json":{"title":"Andrijana \u0160vajcer ge\u0161talt psihoterapija - Andrijana \u0160vajcer","robots":{"index":"noindex","follow":"follow","max-snippet":"max-snippet:-1","max-image-preview":"max-image-preview:large","max-video-preview":"max-video-preview:-1"},"og_locale":"en_US","og_type":"article","og_title":"Andrijana \u0160vajcer ge\u0161talt psihoterapija - Andrijana \u0160vajcer","og_description":"Edukantica sam \u010detvrte godine ge\u0161talt psihoterapije pod supervizijom na institutu Psihika. Zavr\u0161ila sam i program propedeutike psihoterapije na veleu\u010dili\u0161tu Bernays. [&hellip;]","og_url":"https:\/\/gestalt.apartments-pruga.com\/","og_site_name":"Andrijana \u0160vajcer","article_modified_time":"2025-03-12T13:57:57+00:00","og_image":[{"width":300,"height":300,"url":"https:\/\/gestalt.apartments-pruga.com\/wp-content\/uploads\/2024\/04\/andrijana-svajcer-e1741606591281.jpeg","type":"image\/jpeg"}],"twitter_card":"summary_large_image","twitter_misc":{"Est. reading time":"2 minutes"},"schema":{"@context":"https:\/\/schema.org","@graph":[{"@type":"WebPage","@id":"https:\/\/gestalt.apartments-pruga.com\/","url":"https:\/\/gestalt.apartments-pruga.com\/","name":"Andrijana \u0160vajcer ge\u0161talt psihoterapija - Andrijana \u0160vajcer","isPartOf":{"@id":"https:\/\/gestalt.apartments-pruga.com\/#website"},"primaryImageOfPage":{"@id":"https:\/\/gestalt.apartments-pruga.com\/#primaryimage"},"image":{"@id":"https:\/\/gestalt.apartments-pruga.com\/#primaryimage"},"thumbnailUrl":"https:\/\/gestalt.apartments-pruga.com\/wp-content\/uploads\/2024\/04\/andrijana-svajcer-e1741606591281.jpeg","datePublished":"2024-04-26T19:38:04+00:00","dateModified":"2025-03-12T13:57:57+00:00","breadcrumb":{"@id":"https:\/\/gestalt.apartments-pruga.com\/#breadcrumb"},"inLanguage":"en-US","potentialAction":[{"@type":"ReadAction","target":["https:\/\/gestalt.apartments-pruga.com\/"]}]},{"@type":"ImageObject","inLanguage":"en-US","@id":"https:\/\/gestalt.apartments-pruga.com\/#primaryimage","url":"https:\/\/gestalt.apartments-pruga.com\/wp-content\/uploads\/2024\/04\/andrijana-svajcer-e1741606591281.jpeg","contentUrl":"https:\/\/gestalt.apartments-pruga.com\/wp-content\/uploads\/2024\/04\/andrijana-svajcer-e1741606591281.jpeg","width":300,"height":300},{"@type":"BreadcrumbList","@id":"https:\/\/gestalt.apartments-pruga.com\/#breadcrumb","itemListElement":[{"@type":"ListItem","position":1,"name":"Home","item":"https:\/\/gestalt.apartments-pruga.com\/"},{"@type":"ListItem","position":2,"name":"Andrijana \u0160vajcer ge\u0161talt psihoterapija"}]},{"@type":"WebSite","@id":"https:\/\/gestalt.apartments-pruga.com\/#website","url":"https:\/\/gestalt.apartments-pruga.com\/","name":"Andrijana \u0160vajcer ge\u0161talt psihoterapija","description":"Ge\u0161talt psihoterapija","potentialAction":[{"@type":"SearchAction","target":{"@type":"EntryPoint","urlTemplate":"https:\/\/gestalt.apartments-pruga.com\/?s={search_term_string}"},"query-input":{"@type":"PropertyValueSpecification","valueRequired":true,"valueName":"search_term_string"}}],"inLanguage":"en-US"}]}},"uagb_featured_image_src":{"full":false,"thumbnail":false,"medium":false,"medium_large":false,"large":false,"1536x1536":false,"2048x2048":false},"uagb_author_info":{"display_name":"admin","author_link":"https:\/\/gestalt.apartments-pruga.com\/index.php\/author\/andrijana\/"},"uagb_comment_info":0,"uagb_excerpt":"Edukantica sam \u010detvrte godine ge\u0161talt psihoterapije pod supervizijom na institutu Psihika. Zavr\u0161ila sam i program propedeutike psihoterapije na veleu\u010dili\u0161tu Bernays. [&hellip;]","_links":{"self":[{"href":"https:\/\/gestalt.apartments-pruga.com\/index.php\/wp-json\/wp\/v2\/pages\/2","targetHints":{"allow":["GET"]}}],"collection":[{"href":"https:\/\/gestalt.apartments-pruga.com\/index.php\/wp-json\/wp\/v2\/pages"}],"about":[{"href":"https:\/\/gestalt.apartments-pruga.com\/index.php\/wp-json\/wp\/v2\/types\/page"}],"author":[{"embeddable":true,"href":"https:\/\/gestalt.apartments-pruga.com\/index.php\/wp-json\/wp\/v2\/users\/1"}],"replies":[{"embeddable":true,"href":"https:\/\/gestalt.apartments-pruga.com\/index.php\/wp-json\/wp\/v2\/comments?post=2"}],"version-history":[{"count":57,"href":"https:\/\/gestalt.apartments-pruga.com\/index.php\/wp-json\/wp\/v2\/pages\/2\/revisions"}],"predecessor-version":[{"id":157,"href":"https:\/\/gestalt.apartments-pruga.com\/index.php\/wp-json\/wp\/v2\/pages\/2\/revisions\/157"}],"wp:attachment":[{"href":"https:\/\/gestalt.apartments-pruga.com\/index.php\/wp-json\/wp\/v2\/media?parent=2"}],"curies":[{"name":"wp","href":"https:\/\/api.w.org\/{rel}","templated":true}]}}